{"id":9971,"date":"2018-06-06T10:32:09","date_gmt":"2018-06-06T08:32:09","guid":{"rendered":"http:\/\/www.evaherzig.com\/?page_id=9971"},"modified":"2019-08-27T01:00:45","modified_gmt":"2019-08-26T23:00:45","slug":"presse","status":"publish","type":"page","link":"https:\/\/www.evaherzig.com\/en\/presse\/","title":{"rendered":"Press"},"content":{"rendered":"<div class=\"spacer spacer-big\"><\/div><div class=\"wrapper-medium\"><div><div id=\"blog-grid1\" class=\"isotope-grid style-column-2 isotope-spaced-huge offset-ultra\">  \n                    \n                    <div class=\"post-11449 post type-post status-publish format-video has-post-thumbnail hentry category-news category-presse post_format-post-format-video blog-item isotope-item type-video\">\n                        <div class=\"blog-item-inner item-inner do-anim\">\n                            \n\t\t\t\t\t\t\t                            <div class=\"blog-media\">\n                                <a href=\"https:\/\/www.evaherzig.com\/en\/fellner-live-eva-herzig-im-interview-2\/\" class=\"thumb-hover scale\">\n                                \n                               \t<img loading=\"lazy\" decoding=\"async\" src=\"https:\/\/www.evaherzig.com\/wp-content\/uploads\/2021\/09\/Fellner_Interview-1280x800.jpg\" srcset=\"https:\/\/www.evaherzig.com\/wp-content\/uploads\/2021\/09\/Fellner_Interview-1280x800.jpg 1280w,https:\/\/www.evaherzig.com\/wp-content\/uploads\/2021\/09\/Fellner_Interview-640x400.jpg 640w\" sizes=\"(max-width: 1280px) 100vw, 1280px\" width=\"1280\" height=\"800\" alt=\"Fellner Interview\" \/>                                <\/a>\n                            <\/div>\n                                                        <div class=\"blog-info\">\n                                                                <h3 class=\"post-name h4\"><a href=\"https:\/\/www.evaherzig.com\/en\/fellner-live-eva-herzig-im-interview-2\/\">\n                                \tFellner! LIVE \u2013 Interviewing Eva Herzig                                <\/a><\/h3>\n                                \n                                <p>OE24.TV, Fellner! LIVE<\/p>                               \n                               \t<div class=\"info-bottom\">                                                                                                <a class=\"read-more sr-button style-3\" href=\"https:\/\/www.evaherzig.com\/en\/fellner-live-eva-herzig-im-interview-2\/\"><strong>Read More<\/strong><\/a>\n                                \t\t\t\t\t\t\t\t<\/div>                            <\/div>\n\t\t\t\t\t\t\n                        <\/div>\n                    <\/div>  \n                    \n                    <div class=\"post-11402 post type-post status-publish format-standard has-post-thumbnail hentry category-news category-presse blog-item isotope-item\">\n                        <div class=\"blog-item-inner item-inner do-anim\">\n                            \n\t\t\t\t\t\t\t                            <div class=\"blog-media\">\n                                <a href=\"https:\/\/www.evaherzig.com\/en\/eva-herzig-da-wird-ein-ungeheurer-druck-ausgeuebt\/\" class=\"thumb-hover scale\">\n                                \n                               \t<img loading=\"lazy\" decoding=\"async\" src=\"https:\/\/www.evaherzig.com\/wp-content\/uploads\/2014\/06\/eva_herzig_blue_08.jpg\" srcset=\"https:\/\/www.evaherzig.com\/wp-content\/uploads\/2014\/06\/eva_herzig_blue_08.jpg 1200w,https:\/\/www.evaherzig.com\/wp-content\/uploads\/2014\/06\/eva_herzig_blue_08.jpg 635w\" sizes=\"(max-width: 1200px) 100vw, 1200px\" width=\"1200\" height=\"756\" alt=\"Eva Herzig, \u00a9 Studio 1020\" \/>                                <\/a>\n                            <\/div>\n                                                        <div class=\"blog-info\">\n                                                                <h3 class=\"post-name h4\"><a href=\"https:\/\/www.evaherzig.com\/en\/eva-herzig-da-wird-ein-ungeheurer-druck-ausgeuebt\/\">\n                                \tEva Herzig \"A tremendous pressure is being exerted\"                                <\/a><\/h3>\n                                \n                                <p>berliner-zeitung.de<\/p>                               \n                               \t<div class=\"info-bottom\">                                                                                                <a class=\"read-more sr-button style-3\" href=\"https:\/\/www.evaherzig.com\/en\/eva-herzig-da-wird-ein-ungeheurer-druck-ausgeuebt\/\"><strong>Read More<\/strong><\/a>\n                                \t\t\t\t\t\t\t\t<\/div>                            <\/div>\n\t\t\t\t\t\t\n                        <\/div>\n                    <\/div>  \n                    \n                    <div class=\"post-11405 post type-post status-publish format-video has-post-thumbnail hentry category-news category-presse post_format-post-format-video blog-item isotope-item type-video\">\n                        <div class=\"blog-item-inner item-inner do-anim\">\n                            \n\t\t\t\t\t\t\t                            <div class=\"blog-media\">\n                                <a href=\"https:\/\/www.evaherzig.com\/en\/fellner-live-eva-herzig-im-interview\/\" class=\"thumb-hover scale\">\n                                \n                               \t<img loading=\"lazy\" decoding=\"async\" src=\"https:\/\/www.evaherzig.com\/wp-content\/uploads\/2021\/05\/Bildschirmfoto-2021-09-09-um-21.09.54-1280x800.jpg\" srcset=\"https:\/\/www.evaherzig.com\/wp-content\/uploads\/2021\/05\/Bildschirmfoto-2021-09-09-um-21.09.54-1280x800.jpg 1280w,https:\/\/www.evaherzig.com\/wp-content\/uploads\/2021\/05\/Bildschirmfoto-2021-09-09-um-21.09.54-640x400.jpg 640w\" sizes=\"(max-width: 1280px) 100vw, 1280px\" width=\"1280\" height=\"800\" alt=\"Fellner! Live \u2013 Eva Herzig im Interview\" \/>                                <\/a>\n                            <\/div>\n                                                        <div class=\"blog-info\">\n                                                                <h3 class=\"post-name h4\"><a href=\"https:\/\/www.evaherzig.com\/en\/fellner-live-eva-herzig-im-interview\/\">\n                                \tFellner! Live \u2013 Interview with Eva Herzig                                <\/a><\/h3>\n                                \n                                <p>OE24.TV, Fellner! Live<\/p>                               \n                               \t<div class=\"info-bottom\">                                                                                                <a class=\"read-more sr-button style-3\" href=\"https:\/\/www.evaherzig.com\/en\/fellner-live-eva-herzig-im-interview\/\"><strong>Read More<\/strong><\/a>\n                                \t\t\t\t\t\t\t\t<\/div>                            <\/div>\n\t\t\t\t\t\t\n                        <\/div>\n                    <\/div>  \n                    \n                    <div class=\"post-11359 post type-post status-publish format-standard has-post-thumbnail hentry category-news category-presse blog-item isotope-item\">\n                        <div class=\"blog-item-inner item-inner do-anim\">\n                            \n\t\t\t\t\t\t\t                            <div class=\"blog-media\">\n                                <a href=\"https:\/\/www.evaherzig.com\/en\/wenn-sich-der-sand-senkt\/\" class=\"thumb-hover scale\">\n                                \n                               \t<img loading=\"lazy\" decoding=\"async\" src=\"https:\/\/www.evaherzig.com\/wp-content\/uploads\/2021\/05\/2104_n_ku_festivalpuchberg03.jpg\" srcset=\"https:\/\/www.evaherzig.com\/wp-content\/uploads\/2021\/05\/2104_n_ku_festivalpuchberg03.jpg 800w,https:\/\/www.evaherzig.com\/wp-content\/uploads\/2021\/05\/2104_n_ku_festivalpuchberg03-640x400.jpg 640w\" sizes=\"(max-width: 800px) 100vw, 800px\" width=\"800\" height=\"450\" alt=\"dieniederoesterreicherin\" \/>                                <\/a>\n                            <\/div>\n                                                        <div class=\"blog-info\">\n                                                                <h3 class=\"post-name h4\"><a href=\"https:\/\/www.evaherzig.com\/en\/wenn-sich-der-sand-senkt\/\">\n                                \t\"When the sand sinks\"                                <\/a><\/h3>\n                                \n                                <p>Niederoesterreicherin, Interview<\/p>                               \n                               \t<div class=\"info-bottom\">                                                                                                <a class=\"read-more sr-button style-3\" href=\"https:\/\/www.evaherzig.com\/en\/wenn-sich-der-sand-senkt\/\"><strong>Read More<\/strong><\/a>\n                                \t\t\t\t\t\t\t\t<\/div>                            <\/div>\n\t\t\t\t\t\t\n                        <\/div>\n                    <\/div>  \n                    \n                    <div class=\"post-8310 post type-post status-publish format-standard has-post-thumbnail hentry category-presse blog-item isotope-item\">\n                        <div class=\"blog-item-inner item-inner do-anim\">\n                            \n\t\t\t\t\t\t\t                            <div class=\"blog-media\">\n                                <a href=\"https:\/\/www.evaherzig.com\/en\/look-eine-mittsommernachts-sex-komoedie\/\" class=\"thumb-hover scale\">\n                                \n                               \t<img loading=\"lazy\" decoding=\"async\" src=\"https:\/\/www.evaherzig.com\/wp-content\/uploads\/2015\/06\/look_rosenburg_foto-600x800.jpg\" srcset=\"https:\/\/www.evaherzig.com\/wp-content\/uploads\/2015\/06\/look_rosenburg_foto-600x800.jpg 600w,https:\/\/www.evaherzig.com\/wp-content\/uploads\/2015\/06\/look_rosenburg_foto-600x400.jpg 600w\" sizes=\"(max-width: 600px) 100vw, 600px\" width=\"600\" height=\"800\" alt=\"look! wienlive (Juni 2015) &#8222;Eine Mittsommernachts-Sex-Kom\u00f6die&#8220;\" \/>                                <\/a>\n                            <\/div>\n                                                        <div class=\"blog-info\">\n                                                                <h3 class=\"post-name h4\"><a href=\"https:\/\/www.evaherzig.com\/en\/look-eine-mittsommernachts-sex-komoedie\/\">\n                                \t&#8222;Eine Mittsommernachts-Sex-Kom\u00f6die&#8220;                                <\/a><\/h3>\n                                \n                                <p>look! Magazin, ORF 2, ORF III<\/p>                               \n                               \t<div class=\"info-bottom\">                                                                                                <a class=\"read-more sr-button style-3\" href=\"https:\/\/www.evaherzig.com\/en\/look-eine-mittsommernachts-sex-komoedie\/\"><strong>Read More<\/strong><\/a>\n                                \t\t\t\t\t\t\t\t<\/div>                            <\/div>\n\t\t\t\t\t\t\n                        <\/div>\n                    <\/div>  \n                    \n                    <div class=\"post-5618 post type-post status-publish format-standard has-post-thumbnail hentry category-presse blog-item isotope-item\">\n                        <div class=\"blog-item-inner item-inner do-anim\">\n                            \n\t\t\t\t\t\t\t                            <div class=\"blog-media\">\n                                <a href=\"https:\/\/www.evaherzig.com\/en\/woman-ich-hatte-wilde-jahre\/\" class=\"thumb-hover scale\">\n                                \n                               \t<img loading=\"lazy\" decoding=\"async\" src=\"https:\/\/www.evaherzig.com\/wp-content\/uploads\/2014\/10\/woman_tuer_presse_thumb-800x800.jpg\" srcset=\"https:\/\/www.evaherzig.com\/wp-content\/uploads\/2014\/10\/woman_tuer_presse_thumb-800x800.jpg 800w,https:\/\/www.evaherzig.com\/wp-content\/uploads\/2014\/10\/woman_tuer_presse_thumb-640x400.jpg 640w\" sizes=\"(max-width: 800px) 100vw, 800px\" width=\"800\" height=\"800\" alt=\"Woman Magazin 2014\" \/>                                <\/a>\n                            <\/div>\n                                                        <div class=\"blog-info\">\n                                                                <h3 class=\"post-name h4\"><a href=\"https:\/\/www.evaherzig.com\/en\/woman-ich-hatte-wilde-jahre\/\">\n                                \t&#8222;Ich hatte wilde Jahre&#8220;                                <\/a><\/h3>\n                                \n                                <p>Woman Magazin<\/p>                               \n                               \t<div class=\"info-bottom\">                                                                                                <a class=\"read-more sr-button style-3\" href=\"https:\/\/www.evaherzig.com\/en\/woman-ich-hatte-wilde-jahre\/\"><strong>Read More<\/strong><\/a>\n                                \t\t\t\t\t\t\t\t<\/div>                            <\/div>\n\t\t\t\t\t\t\n                        <\/div>\n                    <\/div>  \n                    \n                    <div class=\"post-1845 post type-post status-publish format-standard has-post-thumbnail hentry category-presse blog-item isotope-item\">\n                        <div class=\"blog-item-inner item-inner do-anim\">\n                            \n\t\t\t\t\t\t\t                            <div class=\"blog-media\">\n                                <a href=\"https:\/\/www.evaherzig.com\/en\/steiermark-exclusiv-ein-portrait-ueber-eva-herzig\/\" class=\"thumb-hover scale\">\n                                \n                               \t<img loading=\"lazy\" decoding=\"async\" src=\"https:\/\/www.evaherzig.com\/wp-content\/uploads\/2012\/03\/SteiermarkExklussiv_Okt_2011_01-700x800.jpg\" srcset=\"https:\/\/www.evaherzig.com\/wp-content\/uploads\/2012\/03\/SteiermarkExklussiv_Okt_2011_01-700x800.jpg 700w,https:\/\/www.evaherzig.com\/wp-content\/uploads\/2012\/03\/SteiermarkExklussiv_Okt_2011_01-640x400.jpg 640w\" sizes=\"(max-width: 700px) 100vw, 700px\" width=\"700\" height=\"800\" alt=\"Cover &#8222;Steiermark Exklussiv&#8220;, Oktober 2011\" \/>                                <\/a>\n                            <\/div>\n                                                        <div class=\"blog-info\">\n                                                                <h3 class=\"post-name h4\"><a href=\"https:\/\/www.evaherzig.com\/en\/steiermark-exclusiv-ein-portrait-ueber-eva-herzig\/\">\n                                \tSchon als Kind wollte sie zum Theater &#8211;  Eva Herzig, ein Portrait                                <\/a><\/h3>\n                                \n                                <p>Steiermark Exclusiv<\/p>                               \n                               \t<div class=\"info-bottom\">                                                                                                <a class=\"read-more sr-button style-3\" href=\"https:\/\/www.evaherzig.com\/en\/steiermark-exclusiv-ein-portrait-ueber-eva-herzig\/\"><strong>Read More<\/strong><\/a>\n                                \t\t\t\t\t\t\t\t<\/div>                            <\/div>\n\t\t\t\t\t\t\n                        <\/div>\n                    <\/div>  \n                    \n                    <div class=\"post-2124 post type-post status-publish format-standard has-post-thumbnail hentry category-presse blog-item isotope-item\">\n                        <div class=\"blog-item-inner item-inner do-anim\">\n                            \n\t\t\t\t\t\t\t                            <div class=\"blog-media\">\n                                <a href=\"https:\/\/www.evaherzig.com\/en\/steirer-monat-40-fragen-und-40-antworten\/\" class=\"thumb-hover scale\">\n                                \n                               \t<img loading=\"lazy\" decoding=\"async\" src=\"https:\/\/www.evaherzig.com\/wp-content\/uploads\/2012\/04\/eva_cover.jpg\" srcset=\"https:\/\/www.evaherzig.com\/wp-content\/uploads\/2012\/04\/eva_cover.jpg 450w,https:\/\/www.evaherzig.com\/wp-content\/uploads\/2012\/04\/eva_cover-450x400.jpg 450w\" sizes=\"(max-width: 450px) 100vw, 450px\" width=\"450\" height=\"675\" alt=\"Eva Herzig | \u00a9 Joachim Gern\" \/>                                <\/a>\n                            <\/div>\n                                                        <div class=\"blog-info\">\n                                                                <h3 class=\"post-name h4\"><a href=\"https:\/\/www.evaherzig.com\/en\/steirer-monat-40-fragen-und-40-antworten\/\">\n                                \t40 Fragen, 40 Antworten                                <\/a><\/h3>\n                                \n                                <p>Steirer Monat<\/p>                               \n                               \t<div class=\"info-bottom\">                                                                                                <a class=\"read-more sr-button style-3\" href=\"https:\/\/www.evaherzig.com\/en\/steirer-monat-40-fragen-und-40-antworten\/\"><strong>Read More<\/strong><\/a>\n                                \t\t\t\t\t\t\t\t<\/div>                            <\/div>\n\t\t\t\t\t\t\n                        <\/div>\n                    <\/div>  \n                    \n                    <div class=\"post-1358 post type-post status-publish format-standard has-post-thumbnail hentry category-presse blog-item isotope-item\">\n                        <div class=\"blog-item-inner item-inner do-anim\">\n                            \n\t\t\t\t\t\t\t                            <div class=\"blog-media\">\n                                <a href=\"https:\/\/www.evaherzig.com\/en\/das-glueck-dieser-erde-presseberichte\/\" class=\"thumb-hover scale\">\n                                \n                               \t<img loading=\"lazy\" decoding=\"async\" src=\"https:\/\/www.evaherzig.com\/wp-content\/uploads\/2011\/08\/video_glueck_dieser_erde-666x800.jpg\" srcset=\"https:\/\/www.evaherzig.com\/wp-content\/uploads\/2011\/08\/video_glueck_dieser_erde-666x800.jpg 666w,https:\/\/www.evaherzig.com\/wp-content\/uploads\/2011\/08\/video_glueck_dieser_erde-640x400.jpg 640w\" sizes=\"(max-width: 666px) 100vw, 666px\" width=\"666\" height=\"800\" alt=\"Das Gl\u00fcck dieser Erde (2010)\" \/>                                <\/a>\n                            <\/div>\n                                                        <div class=\"blog-info\">\n                                                                <h3 class=\"post-name h4\"><a href=\"https:\/\/www.evaherzig.com\/en\/das-glueck-dieser-erde-presseberichte\/\">\n                                \tDas Gl\u00fcck dieser Erde &#8211; Presseberichte                                <\/a><\/h3>\n                                \n                                <p>Presse-Auswahl (2011-2013)<\/p>                               \n                               \t<div class=\"info-bottom\">                                                                                                <a class=\"read-more sr-button style-3\" href=\"https:\/\/www.evaherzig.com\/en\/das-glueck-dieser-erde-presseberichte\/\"><strong>Read More<\/strong><\/a>\n                                \t\t\t\t\t\t\t\t<\/div>                            <\/div>\n\t\t\t\t\t\t\n                        <\/div>\n                    <\/div>  \n                    \n                    <div class=\"post-1341 post type-post status-publish format-gallery has-post-thumbnail hentry category-presse post_format-post-format-gallery blog-item isotope-item type-gallery\">\n                        <div class=\"blog-item-inner item-inner do-anim\">\n                            \n\t\t\t\t\t\t\t                            <div class=\"blog-media\">\n                                <a href=\"https:\/\/www.evaherzig.com\/en\/freizeit-kurier-das-bin-ich\/\" class=\"thumb-hover scale\">\n                                \n                               \t<img loading=\"lazy\" decoding=\"async\" src=\"https:\/\/www.evaherzig.com\/wp-content\/uploads\/2011\/08\/freizeit_2009.jpg\" srcset=\"https:\/\/www.evaherzig.com\/wp-content\/uploads\/2011\/08\/freizeit_2009.jpg 337w,https:\/\/www.evaherzig.com\/wp-content\/uploads\/2011\/08\/freizeit_2009.jpg 337w\" sizes=\"(max-width: 337px) 100vw, 337px\" width=\"337\" height=\"220\" alt=\"Freizeit Kurier. 2009, Das bin ich\" \/>                                <\/a>\n                            <\/div>\n                                                        <div class=\"blog-info\">\n                                                                <h3 class=\"post-name h4\"><a href=\"https:\/\/www.evaherzig.com\/en\/freizeit-kurier-das-bin-ich\/\">\n                                \t&#8222;Das bin ich&#8220;                                <\/a><\/h3>\n                                \n                                <p>\"100 Prozent biologisch dynamisch ohne Zusatz von Konservierungsstoffen.\" - Eva Herzig \u00fcber sich, Kurier Freizeit<\/p>                               \n                               \t<div class=\"info-bottom\">                                                                                                <a class=\"read-more sr-button style-3\" href=\"https:\/\/www.evaherzig.com\/en\/freizeit-kurier-das-bin-ich\/\"><strong>Read More<\/strong><\/a>\n                                \t\t\t\t\t\t\t\t<\/div>                            <\/div>\n\t\t\t\t\t\t\n                        <\/div>\n                    <\/div>  \n                    \n                    <div class=\"post-806 post type-post status-publish format-standard has-post-thumbnail hentry category-presse blog-item isotope-item\">\n                        <div class=\"blog-item-inner item-inner do-anim\">\n                            \n\t\t\t\t\t\t\t                            <div class=\"blog-media\">\n                                <a href=\"https:\/\/www.evaherzig.com\/en\/flair\/\" class=\"thumb-hover scale\">\n                                \n                               \t<img loading=\"lazy\" decoding=\"async\" src=\"https:\/\/www.evaherzig.com\/wp-content\/uploads\/2008\/08\/flair-01-800x800.jpg\" srcset=\"https:\/\/www.evaherzig.com\/wp-content\/uploads\/2008\/08\/flair-01-800x800.jpg 800w,https:\/\/www.evaherzig.com\/wp-content\/uploads\/2008\/08\/flair-01-640x400.jpg 640w\" sizes=\"(max-width: 800px) 100vw, 800px\" width=\"800\" height=\"800\" alt=\"Eva Herzig | Flair | Oktober, 2008\" \/>                                <\/a>\n                            <\/div>\n                                                        <div class=\"blog-info\">\n                                                                <h3 class=\"post-name h4\"><a href=\"https:\/\/www.evaherzig.com\/en\/flair\/\">\n                                \t&#8222;Schneider Lehre. \u00d6sterreichische Schauspielerinnen&#8220;                                <\/a><\/h3>\n                                \n                                <p>Flair Magazin<\/p>                               \n                               \t<div class=\"info-bottom\">                                                                                                <a class=\"read-more sr-button style-3\" href=\"https:\/\/www.evaherzig.com\/en\/flair\/\"><strong>Read More<\/strong><\/a>\n                                \t\t\t\t\t\t\t\t<\/div>                            <\/div>\n\t\t\t\t\t\t\n                        <\/div>\n                    <\/div>  \n                    \n                    <div class=\"post-1332 post type-post status-publish format-standard has-post-thumbnail hentry category-presse blog-item isotope-item\">\n                        <div class=\"blog-item-inner item-inner do-anim\">\n                            \n\t\t\t\t\t\t\t                            <div class=\"blog-media\">\n                                <a href=\"https:\/\/www.evaherzig.com\/en\/theaterwal\/\" class=\"thumb-hover scale\">\n                                \n                               \t<img loading=\"lazy\" decoding=\"async\" src=\"https:\/\/www.evaherzig.com\/wp-content\/uploads\/2008\/01\/akte_im_schweigen_vermaehlt_s2-ohnetitle-597x800.jpg\" srcset=\"https:\/\/www.evaherzig.com\/wp-content\/uploads\/2008\/01\/akte_im_schweigen_vermaehlt_s2-ohnetitle-597x800.jpg 597w,https:\/\/www.evaherzig.com\/wp-content\/uploads\/2008\/01\/akte_im_schweigen_vermaehlt_s2-ohnetitle-597x400.jpg 597w\" sizes=\"(max-width: 597px) 100vw, 597px\" width=\"597\" height=\"800\" alt=\"Akte Im Schweigen Verm\u00e4hlt\" \/>                                <\/a>\n                            <\/div>\n                                                        <div class=\"blog-info\">\n                                                                <h3 class=\"post-name h4\"><a href=\"https:\/\/www.evaherzig.com\/en\/theaterwal\/\">\n                                \t&#8222;Akte im Schweigen verm\u00e4hlt&#8220;                                <\/a><\/h3>\n                                \n                                <p>TheaterWal Magazin<\/p>                               \n                               \t<div class=\"info-bottom\">                                                                                                <a class=\"read-more sr-button style-3\" href=\"https:\/\/www.evaherzig.com\/en\/theaterwal\/\"><strong>Read More<\/strong><\/a>\n                                \t\t\t\t\t\t\t\t<\/div>                            <\/div>\n\t\t\t\t\t\t\n                        <\/div>\n                    <\/div>  \n                    \n                    <div class=\"post-919 post type-post status-publish format-standard has-post-thumbnail hentry category-presse blog-item isotope-item\">\n                        <div class=\"blog-item-inner item-inner do-anim\">\n                            \n\t\t\t\t\t\t\t                            <div class=\"blog-media\">\n                                <a href=\"https:\/\/www.evaherzig.com\/en\/kurier\/\" class=\"thumb-hover scale\">\n                                \n                               \t<img loading=\"lazy\" decoding=\"async\" src=\"https:\/\/www.evaherzig.com\/wp-content\/uploads\/2011\/08\/kurier_dopelter_einsatz.jpg\" srcset=\"https:\/\/www.evaherzig.com\/wp-content\/uploads\/2011\/08\/kurier_dopelter_einsatz.jpg 400w,https:\/\/www.evaherzig.com\/wp-content\/uploads\/2011\/08\/kurier_dopelter_einsatz.jpg 400w\" sizes=\"(max-width: 400px) 100vw, 400px\" width=\"400\" height=\"200\" alt=\"kurier_dopelter_einsatz\" \/>                                <\/a>\n                            <\/div>\n                                                        <div class=\"blog-info\">\n                                                                <h3 class=\"post-name h4\"><a href=\"https:\/\/www.evaherzig.com\/en\/kurier\/\">\n                                \t&#8222;Herzig schon lang nicht mehr herzig&#8220;                                <\/a><\/h3>\n                                \n                                <p>Kurier<\/p>                               \n                               \t<div class=\"info-bottom\">                                                                                                <a class=\"read-more sr-button style-3\" href=\"https:\/\/www.evaherzig.com\/en\/kurier\/\"><strong>Read More<\/strong><\/a>\n                                \t\t\t\t\t\t\t\t<\/div>                            <\/div>\n\t\t\t\t\t\t\n                        <\/div>\n                    <\/div>  \n                    \n                    <div class=\"post-1068 post type-post status-publish format-standard has-post-thumbnail hentry category-presse tag-kurier tag-schwierige blog-item isotope-item\">\n                        <div class=\"blog-item-inner item-inner do-anim\">\n                            \n\t\t\t\t\t\t\t                            <div class=\"blog-media\">\n                                <a href=\"https:\/\/www.evaherzig.com\/en\/der-schwierige-presseberichte\/\" class=\"thumb-hover scale\">\n                                \n                               \t<img loading=\"lazy\" decoding=\"async\" src=\"https:\/\/www.evaherzig.com\/wp-content\/uploads\/2011\/08\/der_schwierige1.jpg\" srcset=\"https:\/\/www.evaherzig.com\/wp-content\/uploads\/2011\/08\/der_schwierige1.jpg 400w,https:\/\/www.evaherzig.com\/wp-content\/uploads\/2011\/08\/der_schwierige1.jpg 400w\" sizes=\"(max-width: 400px) 100vw, 400px\" width=\"400\" height=\"200\" alt=\"Der Schwiereige, Kurier, 7.7.2007\" \/>                                <\/a>\n                            <\/div>\n                                                        <div class=\"blog-info\">\n                                                                <h3 class=\"post-name h4\"><a href=\"https:\/\/www.evaherzig.com\/en\/der-schwierige-presseberichte\/\">\n                                \tDer Schwierige &#8211; Presseberichte                                <\/a><\/h3>\n                                \n                                <p>[:de]Kurier, Wiener Zeitung[:]<\/p>                               \n                               \t<div class=\"info-bottom\">                                                                                                <a class=\"read-more sr-button style-3\" href=\"https:\/\/www.evaherzig.com\/en\/der-schwierige-presseberichte\/\"><strong>Read More<\/strong><\/a>\n                                \t\t\t\t\t\t\t\t<\/div>                            <\/div>\n\t\t\t\t\t\t\n                        <\/div>\n                    <\/div>  \n                    \n                    <div class=\"post-901 post type-post status-publish format-standard has-post-thumbnail hentry category-presse tag-emilia tag-galotti blog-item isotope-item\">\n                        <div class=\"blog-item-inner item-inner do-anim\">\n                            \n\t\t\t\t\t\t\t                            <div class=\"blog-media\">\n                                <a href=\"https:\/\/www.evaherzig.com\/en\/emila-galotti-presseberichte\/\" class=\"thumb-hover scale\">\n                                \n                               \t<img loading=\"lazy\" decoding=\"async\" src=\"https:\/\/www.evaherzig.com\/wp-content\/uploads\/2014\/10\/emilia_galotti_thegalerie_thumb.jpg\" srcset=\"https:\/\/www.evaherzig.com\/wp-content\/uploads\/2014\/10\/emilia_galotti_thegalerie_thumb.jpg 500w,https:\/\/www.evaherzig.com\/wp-content\/uploads\/2014\/10\/emilia_galotti_thegalerie_thumb-500x400.jpg 500w\" sizes=\"(max-width: 500px) 100vw, 500px\" width=\"500\" height=\"500\" alt=\"Emilia Galotti (2000), Schauspielhaus Z\u00fcrich, Rolle: Emilia Galotti\" \/>                                <\/a>\n                            <\/div>\n                                                        <div class=\"blog-info\">\n                                                                <h3 class=\"post-name h4\"><a href=\"https:\/\/www.evaherzig.com\/en\/emila-galotti-presseberichte\/\">\n                                \tEmila Galotti &#8211; Presseberichte                                <\/a><\/h3>\n                                \n                                <p>Z\u00fcrichexpress, NZZ (Neue Z\u00fcricher Zeitung)<\/p>                               \n                               \t<div class=\"info-bottom\">                                                                                                <a class=\"read-more sr-button style-3\" href=\"https:\/\/www.evaherzig.com\/en\/emila-galotti-presseberichte\/\"><strong>Read More<\/strong><\/a>\n                                \t\t\t\t\t\t\t\t<\/div>                            <\/div>\n\t\t\t\t\t\t\n                        <\/div>\n                    <\/div>  \n                    \n                    <div class=\"post-823 post type-post status-publish format-standard has-post-thumbnail hentry category-presse blog-item isotope-item\">\n                        <div class=\"blog-item-inner item-inner do-anim\">\n                            \n\t\t\t\t\t\t\t                            <div class=\"blog-media\">\n                                <a href=\"https:\/\/www.evaherzig.com\/en\/klein-und-kunst\/\" class=\"thumb-hover scale\">\n                                \n                               \t<img loading=\"lazy\" decoding=\"async\" src=\"https:\/\/www.evaherzig.com\/wp-content\/uploads\/1998\/12\/KleinUndKunstCover.jpg\" srcset=\"https:\/\/www.evaherzig.com\/wp-content\/uploads\/1998\/12\/KleinUndKunstCover.jpg 397w,https:\/\/www.evaherzig.com\/wp-content\/uploads\/1998\/12\/KleinUndKunstCover-397x400.jpg 397w\" sizes=\"(max-width: 397px) 100vw, 397px\" width=\"397\" height=\"509\" alt=\"KleinUndKunst Foto\" \/>                                <\/a>\n                            <\/div>\n                                                        <div class=\"blog-info\">\n                                                                <h3 class=\"post-name h4\"><a href=\"https:\/\/www.evaherzig.com\/en\/klein-und-kunst\/\">\n                                \tEin Portrait \u00fcber die Schauspielerin Eva Herzig                                <\/a><\/h3>\n                                \n                                <p>Klein und Kunst<\/p>                               \n                               \t<div class=\"info-bottom\">                                                                                                <a class=\"read-more sr-button style-3\" href=\"https:\/\/www.evaherzig.com\/en\/klein-und-kunst\/\"><strong>Read More<\/strong><\/a>\n                                \t\t\t\t\t\t\t\t<\/div>                            <\/div>\n\t\t\t\t\t\t\n                        <\/div>\n                    <\/div>  \n                    \n                    <div class=\"post-896 post type-post status-publish format-standard has-post-thumbnail hentry category-presse blog-item isotope-item\">\n                        <div class=\"blog-item-inner item-inner do-anim\">\n                            \n\t\t\t\t\t\t\t                            <div class=\"blog-media\">\n                                <a href=\"https:\/\/www.evaherzig.com\/en\/buhne\/\" class=\"thumb-hover scale\">\n                                \n                               \t<img loading=\"lazy\" decoding=\"async\" src=\"https:\/\/www.evaherzig.com\/wp-content\/uploads\/1996\/10\/Reigen-buehne-titelblatt-nr-10-1996-783x800.jpg\" srcset=\"https:\/\/www.evaherzig.com\/wp-content\/uploads\/1996\/10\/Reigen-buehne-titelblatt-nr-10-1996-783x800.jpg 783w,https:\/\/www.evaherzig.com\/wp-content\/uploads\/1996\/10\/Reigen-buehne-titelblatt-nr-10-1996-640x400.jpg 640w\" sizes=\"(max-width: 783px) 100vw, 783px\" width=\"783\" height=\"800\" alt=\"Reigen-buehne-titelblatt-nr-10-1996\" \/>                                <\/a>\n                            <\/div>\n                                                        <div class=\"blog-info\">\n                                                                <h3 class=\"post-name h4\"><a href=\"https:\/\/www.evaherzig.com\/en\/buhne\/\">\n                                \t&#8222;Ein Herz und eine Seele&#8220;                                <\/a><\/h3>\n                                \n                                <p>B\u00dcHNE Magazin, \u00fcber Arthur Schnitzlers \"Reigen\"<\/p>                               \n                               \t<div class=\"info-bottom\">                                                                                                <a class=\"read-more sr-button style-3\" href=\"https:\/\/www.evaherzig.com\/en\/buhne\/\"><strong>Read More<\/strong><\/a>\n                                \t\t\t\t\t\t\t\t<\/div>                            <\/div>\n\t\t\t\t\t\t\n                        <\/div>\n                    <\/div>  \n                    \n                    <div class=\"post-927 post type-post status-publish format-standard has-post-thumbnail hentry category-presse blog-item isotope-item\">\n                        <div class=\"blog-item-inner item-inner do-anim\">\n                            \n\t\t\t\t\t\t\t                            <div class=\"blog-media\">\n                                <a href=\"https:\/\/www.evaherzig.com\/en\/lebensart-theater\/\" class=\"thumb-hover scale\">\n                                \n                               \t<img loading=\"lazy\" decoding=\"async\" src=\"https:\/\/www.evaherzig.com\/wp-content\/uploads\/2011\/08\/Lebensart_Theater_Maedchenwunder.jpg\" srcset=\"https:\/\/www.evaherzig.com\/wp-content\/uploads\/2011\/08\/Lebensart_Theater_Maedchenwunder.jpg 314w,https:\/\/www.evaherzig.com\/wp-content\/uploads\/2011\/08\/Lebensart_Theater_Maedchenwunder.jpg 314w\" sizes=\"(max-width: 314px) 100vw, 314px\" width=\"314\" height=\"201\" alt=\"Lebensart_Theater_Maedchenwunder\" \/>                                <\/a>\n                            <\/div>\n                                                        <div class=\"blog-info\">\n                                                                <h3 class=\"post-name h4\"><a href=\"https:\/\/www.evaherzig.com\/en\/lebensart-theater\/\">\n                                \t&#8222;Das M\u00e4dchenwunder&#8220;                                <\/a><\/h3>\n                                \n                                <p>LebensArt, Eva Herzig spricht \u00fcber ihre Karriere<\/p>                               \n                               \t<div class=\"info-bottom\">                                                                                                <a class=\"read-more sr-button style-3\" href=\"https:\/\/www.evaherzig.com\/en\/lebensart-theater\/\"><strong>Read More<\/strong><\/a>\n                                \t\t\t\t\t\t\t\t<\/div>                            <\/div>\n\t\t\t\t\t\t\n                        <\/div>\n                    <\/div>  \n                    \n                    <div class=\"post-914 post type-post status-publish format-standard has-post-thumbnail hentry category-presse tag-julia tag-kritik tag-premiere tag-romeo blog-item isotope-item\">\n                        <div class=\"blog-item-inner item-inner do-anim\">\n                            \n\t\t\t\t\t\t\t                            <div class=\"blog-media\">\n                                <a href=\"https:\/\/www.evaherzig.com\/en\/romeo-und-julia-presseberichte\/\" class=\"thumb-hover scale\">\n                                \n                               \t<img loading=\"lazy\" decoding=\"async\" src=\"https:\/\/www.evaherzig.com\/wp-content\/uploads\/1995\/08\/romeo_julia_premiere.jpg\" srcset=\"https:\/\/www.evaherzig.com\/wp-content\/uploads\/1995\/08\/romeo_julia_premiere.jpg 528w,https:\/\/www.evaherzig.com\/wp-content\/uploads\/1995\/08\/romeo_julia_premiere.jpg 528w\" sizes=\"(max-width: 528px) 100vw, 528px\" width=\"528\" height=\"260\" alt=\"Romeo und Julia (1995), Burgtheater Wien,  Rolle: Julia\" \/>                                <\/a>\n                            <\/div>\n                                                        <div class=\"blog-info\">\n                                                                <h3 class=\"post-name h4\"><a href=\"https:\/\/www.evaherzig.com\/en\/romeo-und-julia-presseberichte\/\">\n                                \tRomeo und Julia &#8211; Presseberichte                                <\/a><\/h3>\n                                \n                                <p>Gesammelte Kritiken und Interviews<\/p>                               \n                               \t<div class=\"info-bottom\">                                                                                                <a class=\"read-more sr-button style-3\" href=\"https:\/\/www.evaherzig.com\/en\/romeo-und-julia-presseberichte\/\"><strong>Read More<\/strong><\/a>\n                                \t\t\t\t\t\t\t\t<\/div>                            <\/div>\n\t\t\t\t\t\t\n                        <\/div>\n                    <\/div><\/div><\/div><\/div> <!-- END wrapper --><div class=\"spacer spacer-big\"><\/div><div class=\"spacer spacer-big\"><\/div><div class=\"wrapper-small\"><div id=\"\" class=\"column-section clearfix spaced-none  col-align-top do-anim\"><div  class=\"column one-full last-col text-dark hasbg do-anim\" style=\"background-color:#ffffff;\">\n<div id=\"attachment_10165\" style=\"width: 2273px\" class=\"wp-caption aligncenter\"><img loading=\"lazy\" decoding=\"async\" aria-describedby=\"caption-attachment-10165\" class=\"size-full wp-image-10165\" src=\"http:\/\/www.evaherzig.com\/wp-content\/uploads\/2018\/06\/EvaHerzig17\u00a9JGern.jpg\" alt=\"EvaHerzig_by_Joachim Gern\" width=\"2263\" height=\"2851\" srcset=\"https:\/\/www.evaherzig.com\/wp-content\/uploads\/2018\/06\/EvaHerzig17\u00a9JGern.jpg 2263w, https:\/\/www.evaherzig.com\/wp-content\/uploads\/2018\/06\/EvaHerzig17\u00a9JGern-768x968.jpg 768w, https:\/\/www.evaherzig.com\/wp-content\/uploads\/2018\/06\/EvaHerzig17\u00a9JGern-320x403.jpg 320w, https:\/\/www.evaherzig.com\/wp-content\/uploads\/2018\/06\/EvaHerzig17\u00a9JGern-640x806.jpg 640w, https:\/\/www.evaherzig.com\/wp-content\/uploads\/2018\/06\/EvaHerzig17\u00a9JGern-960x1209.jpg 960w, https:\/\/www.evaherzig.com\/wp-content\/uploads\/2018\/06\/EvaHerzig17\u00a9JGern-1280x1613.jpg 1280w, https:\/\/www.evaherzig.com\/wp-content\/uploads\/2018\/06\/EvaHerzig17\u00a9JGern-1680x2117.jpg 1680w\" sizes=\"(max-width: 2263px) 100vw, 2263px\" \/><p id=\"caption-attachment-10165\" class=\"wp-caption-text\">\u00a9Joachim Gern<\/p><\/div>\n<\/div><\/div><\/div><div class=\"spacer spacer-big\"><\/div>\n<hr class=\"title-line\">\n<h2>Zitate &amp;<br \/>\nPressestimmen<\/h2>\n<div class=\"spacer spacer-big\"><\/div><div class=\"wrapper\"><div id=\"\" class=\"column-section clearfix spaced-big  col-align-center do-anim\"><div  class=\"column one-half  text-light hasbg do-anim\" style=\"background-color:#000000;padding-top:20px; padding-bottom:20px;padding-left:20px; padding-right:20px;\">\n<div class=\"owl-slider content-slider\">\t<div>\n<blockquote class=\"align-center\">\n<h4>&#8222;Eva Herzig, die grossartige Emilia Galotti dieser Auff\u00fchrung, l\u00e4sst keine Gelegenheit aus, als eigenst\u00e4ndige und selbstbestimmte Frau aufzutreten&#8220;<\/h4>\n<p><cite><a href=\"https:\/\/www.evaherzig.com\/en\/emila-galotti-presseberichte\/\">Z\u00fcrichexpress \u2192<\/a><\/cite><\/p><\/blockquote>\n<\/div>\t<div>\n<blockquote class=\"align-center\">\n<h4>&#8222;Eva Herzig als Helene Altenwyl ist \u00fcberragend&#8220;<\/h4>\n<p><cite><a href=\"https:\/\/www.evaherzig.com\/en\/der-schwierige-presseberichte\/\">KURIER \u2192<\/a><\/cite><\/p><\/blockquote>\n<\/div>\t<div>\n<blockquote class=\"align-center\">\n<h4>&#8222;Die Art, wie in dieser Produktion Kari und Helene (Eva Herzig) zusammenfinden, ist eine der bewegendsten Liebesszenen seit Jahrzehnten&#8220;<\/h4>\n<p><cite><a href=\"http:\/\/www.evaherzig.com\/en\/der-schwierige-presseberichte\/www.evaherzig.com\/der-schwierige-presseberichte\/\">Wiener Zeitung \u2192<\/a><\/cite><\/p><\/blockquote>\n<\/div><\/div>\n<div class=\"spacer spacer-big\"><\/div><\/div><div  class=\"column one-half last-col  no-anim\" >\n<p style=\"text-align: center;\">-Eva Herzig \u00fcber sich<\/p>\n<blockquote class=\"align-center\">\n<h2>&#8222;100 Prozent biologisch dynamisch ohne Zusatz von Konservierungsstoffen&#8220;<\/h2>\n<p><cite><a href=\"https:\/\/www.evaherzig.com\/en\/freizeit-kurier-das-bin-ich\/\">KURIER \u2192<\/a><\/cite><\/p><\/blockquote>\n<\/div><\/div><\/div>","protected":false},"excerpt":{"rendered":"<p>Zitate &amp; Pressestimmen<\/p>","protected":false},"author":2,"featured_media":0,"parent":0,"menu_order":0,"comment_status":"closed","ping_status":"closed","template":"","meta":{"footnotes":""},"yoast_head":"<!-- This site is optimized with the Yoast SEO plugin v21.6 - https:\/\/yoast.com\/wordpress\/plugins\/seo\/ -->\n<title>Presse - EVA HERZIG<\/title>\n<meta name=\"robots\" content=\"index, follow, max-snippet:-1, max-image-preview:large, max-video-preview:-1\" \/>\n<link rel=\"canonical\" href=\"https:\/\/www.evaherzig.com\/en\/presse\/\" \/>\n<meta property=\"og:locale\" content=\"en_US\" \/>\n<meta property=\"og:type\" content=\"article\" \/>\n<meta property=\"og:title\" content=\"Presse - EVA HERZIG\" \/>\n<meta property=\"og:description\" content=\"Zitate &amp; Pressestimmen\" \/>\n<meta property=\"og:url\" content=\"https:\/\/www.evaherzig.com\/en\/presse\/\" \/>\n<meta property=\"og:site_name\" content=\"EVA HERZIG\" \/>\n<meta property=\"article:modified_time\" content=\"2019-08-26T23:00:45+00:00\" \/>\n<meta property=\"og:image\" content=\"http:\/\/www.evaherzig.com\/wp-content\/uploads\/2018\/06\/EvaHerzig17\u00a9JGern.jpg\" \/>\n<meta name=\"twitter:label1\" content=\"Est. reading time\" \/>\n\t<meta name=\"twitter:data1\" content=\"1 minute\" \/>\n<script type=\"application\/ld+json\" class=\"yoast-schema-graph\">{\"@context\":\"https:\/\/schema.org\",\"@graph\":[{\"@type\":\"WebPage\",\"@id\":\"https:\/\/www.evaherzig.com\/presse\/\",\"url\":\"https:\/\/www.evaherzig.com\/presse\/\",\"name\":\"Presse - EVA HERZIG\",\"isPartOf\":{\"@id\":\"https:\/\/www.evaherzig.com\/#website\"},\"datePublished\":\"2018-06-06T08:32:09+00:00\",\"dateModified\":\"2019-08-26T23:00:45+00:00\",\"breadcrumb\":{\"@id\":\"https:\/\/www.evaherzig.com\/presse\/#breadcrumb\"},\"inLanguage\":\"en-US\",\"potentialAction\":[{\"@type\":\"ReadAction\",\"target\":[\"https:\/\/www.evaherzig.com\/presse\/\"]}]},{\"@type\":\"BreadcrumbList\",\"@id\":\"https:\/\/www.evaherzig.com\/presse\/#breadcrumb\",\"itemListElement\":[{\"@type\":\"ListItem\",\"position\":1,\"name\":\"Home\",\"item\":\"https:\/\/www.evaherzig.com\/\"},{\"@type\":\"ListItem\",\"position\":2,\"name\":\"Presse\"}]},{\"@type\":\"WebSite\",\"@id\":\"https:\/\/www.evaherzig.com\/#website\",\"url\":\"https:\/\/www.evaherzig.com\/\",\"name\":\"EVA HERZIG\",\"description\":\"Die offizielle Webseite\",\"potentialAction\":[{\"@type\":\"SearchAction\",\"target\":{\"@type\":\"EntryPoint\",\"urlTemplate\":\"https:\/\/www.evaherzig.com\/?s={search_term_string}\"},\"query-input\":\"required name=search_term_string\"}],\"inLanguage\":\"en-US\"}]}<\/script>\n<!-- \/ Yoast SEO plugin. -->","yoast_head_json":{"title":"Presse - EVA HERZIG","robots":{"index":"index","follow":"follow","max-snippet":"max-snippet:-1","max-image-preview":"max-image-preview:large","max-video-preview":"max-video-preview:-1"},"canonical":"https:\/\/www.evaherzig.com\/en\/presse\/","og_locale":"en_US","og_type":"article","og_title":"Presse - EVA HERZIG","og_description":"Zitate &amp; Pressestimmen","og_url":"https:\/\/www.evaherzig.com\/en\/presse\/","og_site_name":"EVA HERZIG","article_modified_time":"2019-08-26T23:00:45+00:00","og_image":[{"url":"http:\/\/www.evaherzig.com\/wp-content\/uploads\/2018\/06\/EvaHerzig17\u00a9JGern.jpg"}],"twitter_misc":{"Est. reading time":"1 minute"},"schema":{"@context":"https:\/\/schema.org","@graph":[{"@type":"WebPage","@id":"https:\/\/www.evaherzig.com\/presse\/","url":"https:\/\/www.evaherzig.com\/presse\/","name":"Presse - EVA HERZIG","isPartOf":{"@id":"https:\/\/www.evaherzig.com\/#website"},"datePublished":"2018-06-06T08:32:09+00:00","dateModified":"2019-08-26T23:00:45+00:00","breadcrumb":{"@id":"https:\/\/www.evaherzig.com\/presse\/#breadcrumb"},"inLanguage":"en-US","potentialAction":[{"@type":"ReadAction","target":["https:\/\/www.evaherzig.com\/presse\/"]}]},{"@type":"BreadcrumbList","@id":"https:\/\/www.evaherzig.com\/presse\/#breadcrumb","itemListElement":[{"@type":"ListItem","position":1,"name":"Home","item":"https:\/\/www.evaherzig.com\/"},{"@type":"ListItem","position":2,"name":"Presse"}]},{"@type":"WebSite","@id":"https:\/\/www.evaherzig.com\/#website","url":"https:\/\/www.evaherzig.com\/","name":"EVA HERZIG","description":"Die offizielle Webseite","potentialAction":[{"@type":"SearchAction","target":{"@type":"EntryPoint","urlTemplate":"https:\/\/www.evaherzig.com\/?s={search_term_string}"},"query-input":"required name=search_term_string"}],"inLanguage":"en-US"}]}},"_links":{"self":[{"href":"https:\/\/www.evaherzig.com\/en\/wp-json\/wp\/v2\/pages\/9971"}],"collection":[{"href":"https:\/\/www.evaherzig.com\/en\/wp-json\/wp\/v2\/pages"}],"about":[{"href":"https:\/\/www.evaherzig.com\/en\/wp-json\/wp\/v2\/types\/page"}],"author":[{"embeddable":true,"href":"https:\/\/www.evaherzig.com\/en\/wp-json\/wp\/v2\/users\/2"}],"replies":[{"embeddable":true,"href":"https:\/\/www.evaherzig.com\/en\/wp-json\/wp\/v2\/comments?post=9971"}],"version-history":[{"count":43,"href":"https:\/\/www.evaherzig.com\/en\/wp-json\/wp\/v2\/pages\/9971\/revisions"}],"predecessor-version":[{"id":11113,"href":"https:\/\/www.evaherzig.com\/en\/wp-json\/wp\/v2\/pages\/9971\/revisions\/11113"}],"wp:attachment":[{"href":"https:\/\/www.evaherzig.com\/en\/wp-json\/wp\/v2\/media?parent=9971"}],"curies":[{"name":"wp","href":"https:\/\/api.w.org\/{rel}","templated":true}]}}